{"id":9213,"date":"2025-11-05T19:24:09","date_gmt":"2025-11-05T17:24:09","guid":{"rendered":"https:\/\/gencosmic.com\/tallers\/"},"modified":"2026-04-24T12:04:50","modified_gmt":"2026-04-24T10:04:50","slug":"tallers","status":"publish","type":"page","link":"https:\/\/gencosmic.com\/ca\/tallers\/","title":{"rendered":"Tallers"},"content":{"rendered":"\n<div class=\"gb-element-0a25be2f\">\n<div class=\"gb-element-c0e7c99c\">\n<h1 class=\"gb-text gb-text-321e9987\"><strong>Tallers d&#8217;autoconyeixement<\/strong><\/h1>\n\n\n\n<div class=\"gb-element-dcd2368a\"><\/div>\n\n\n\n<p class=\"gb-text gb-text-7a3c55d9\">art, cos i connexi\u00f3 <\/p>\n<\/div>\n<\/div>\n\n<div class=\"gb-element-8f812d01\">\n<div class=\"gb-element-bc94b7ce\">\n<div class=\"gb-element-2e52fe00\">\n\n\n<h2 class=\"gb-text gb-text-b12961ae\">Descobreix el poder del proc\u00e9s creatiu per con\u00e8ixer-te a tu mateixa<\/h2>\n\n\n\n<h3 class=\"gb-text gb-text-4aba9388\"><em>Tallers vivencials per reconnectar amb el cos i la creativitat<\/em><\/h3>\n\n\n\n<p class=\"gb-text gb-text-50ea2a24\">Els tallers d&#8217;autoconyiment de Gencosmic s\u00f3n experi\u00e8ncies grupals vivencials creades per explorar el cos, les emocions i la identitat a trav\u00e9s de l&#8217;art corporal.<\/p>\n\n\n\n<p class=\"gb-text gb-text-5b851541\">Mitjan\u00e7ant exercicis creatius i la creaci\u00f3 de motlles, fomentem l&#8217;autoacceptaci\u00f3, l&#8217;empatia, la diversitat corporal i el redescobriment d&#8217;una mateixa a trav\u00e9s del joc.<\/p>\n<\/div>\n\n\n\n<div class=\"gb-element-08f6d350\"><\/div>\n<\/div>\n<\/div>\n\n<div class=\"gb-element-5e40751e\">\n<div class=\"gb-element-88b528a8\">\n<div class=\"gb-element-7cdb251d\"><\/div>\n\n\n\n<div class=\"gb-element-532a8f35\">\n\n\n<h2 class=\"gb-text gb-text-b902fb2b\">Tallers grupals DIY: crear amb les teves pr\u00f2pies mans<\/h2>\n\n\n\n<p class=\"gb-text gb-text-0c35e11b\">Els tallers grupals DIY (Do It Yourself) de Gencosmic ofereixen l&#8217;oportunitat de participar activament en la creaci\u00f3 del teu motlle, transformant el proc\u00e9s art\u00edstic en una experi\u00e8ncia col\u00b7lectiva i enriquidora.<\/p>\n\n\n\n<p class=\"gb-text gb-text-7e25e0bf\">Les din\u00e0miques s&#8217;adapten a diferents contextos i p\u00fablics: col\u00b7lectius educatius, associacions culturals, espais feministes o comunitats interessades a explorar la relaci\u00f3 entre art, cos i consci\u00e8ncia.<\/p>\n\n\n\n<a class=\"gb-text gb-text-b0b9d2e5\" href=\"https:\/\/gencosmic.com\/ca\/contacto\/\">M\u00e9s informaci\u00f3<\/a>\n<\/div>\n<\/div>\n<\/div>\n\n<div class=\"gb-element-cca821d6\">\n<div class=\"gb-element-3cb5a254\">\n<h2 class=\"gb-text gb-text-39605df1\">Tallers Gencosmic: experi\u00e8ncies vives d&#8217;art i autoconeixement<\/h2>\n\n\n\n<p class=\"gb-text gb-text-25ad05ae\">Un espai de connectar amb el teu cos a trav\u00e9s del joc, lliure de tab\u00fas, observar-te i apropar-te al teu propi cos a trav\u00e9s de la curiositat.<\/p>\n\n\n\n<div class=\"gb-element-df8f8593\">\n<div class=\"gb-element-13dabe38\">\n<div class=\"gb-element-9a910ddc\">\n<p class=\"gb-text gb-text-cad4ff6e\">IMMERSI\u00d3 PROFUNDA<\/p>\n\n\n\n<h3 class=\"gb-text gb-text-05242815\"><strong>Taller principal: Taller de vulves<\/strong><\/h3>\n\n\n\n<p class=\"gb-text gb-text-39ff095a\">Una experi\u00e8ncia vivencial de 4 hores en qu\u00e8 explorem el cos des de l&#8217;art, l&#8217;humor i la consci\u00e8ncia corporal.<\/p>\n\n\n\n<p class=\"gb-text gb-text-cb9f7609\">Durant el proc\u00e9s s&#8217;obren converses sobre est\u00e8tica, identitat, plaer i diversitat genital.<\/p>\n\n\n\n<img loading=\"lazy\" decoding=\"async\" width=\"2560\" height=\"1707\" class=\"gb-media-fb9ae77c\" alt=\"\" title=\"IMG_9568\" src=\"https:\/\/gencosmic.com\/wp-content\/uploads\/2026\/03\/IMG_9568-scaled.webp\" srcset=\"https:\/\/gencosmic.com\/wp-content\/uploads\/2026\/03\/IMG_9568-scaled.webp 2560w, https:\/\/gencosmic.com\/wp-content\/uploads\/2026\/03\/IMG_9568-300x200.webp 300w, https:\/\/gencosmic.com\/wp-content\/uploads\/2026\/03\/IMG_9568-1024x683.webp 1024w, https:\/\/gencosmic.com\/wp-content\/uploads\/2026\/03\/IMG_9568-768x512.webp 768w, https:\/\/gencosmic.com\/wp-content\/uploads\/2026\/03\/IMG_9568-1536x1024.webp 1536w, https:\/\/gencosmic.com\/wp-content\/uploads\/2026\/03\/IMG_9568-2048x1365.webp 2048w\" sizes=\"auto, (max-width: 2560px) 100vw, 2560px\" \/>\n\n\n\n<p class=\"gb-text-fed2a605\"><span class=\"gb-text\"><a href=\"#contacto\">M\u00e9s informaci\u00f3<\/a><\/span><span class=\"gb-shape\"><\/span><\/p>\n<\/div>\n<\/div>\n\n\n\n<div class=\"gb-element-47b37399\">\n<div class=\"gb-element-e40d5544\">\n<p class=\"gb-text gb-text-c0abd17b\">FLEXIBILITAT<\/p>\n\n\n\n<h3 class=\"gb-text gb-text-14a303d8\"><strong>Tallers adaptats i col\u00b7laboratius<\/strong><\/h3>\n\n\n\n<p class=\"gb-text gb-text-9a218925\">Els tallers de Gencosmic es dissenyen de forma personalitzada, tenint en compte les necessitats del grup, el context i l&#8217;espai on es realitzen.<\/p>\n\n\n\n<p class=\"gb-text gb-text-1d1f4479\">Cada proposta es construeix a mida, tenint cura del contingut i acompanyament del grup.<\/p>\n\n\n\n<img loading=\"lazy\" decoding=\"async\" width=\"2048\" height=\"1365\" class=\"gb-media-fd2194cd\" alt=\"\" title=\"442494598_1013026140182211_1222523069351318473_n\" src=\"https:\/\/gencosmic.com\/wp-content\/uploads\/2026\/03\/442494598_1013026140182211_1222523069351318473_n.webp\" srcset=\"https:\/\/gencosmic.com\/wp-content\/uploads\/2026\/03\/442494598_1013026140182211_1222523069351318473_n.webp 2048w, https:\/\/gencosmic.com\/wp-content\/uploads\/2026\/03\/442494598_1013026140182211_1222523069351318473_n-300x200.webp 300w, https:\/\/gencosmic.com\/wp-content\/uploads\/2026\/03\/442494598_1013026140182211_1222523069351318473_n-1024x683.webp 1024w, https:\/\/gencosmic.com\/wp-content\/uploads\/2026\/03\/442494598_1013026140182211_1222523069351318473_n-768x512.webp 768w, https:\/\/gencosmic.com\/wp-content\/uploads\/2026\/03\/442494598_1013026140182211_1222523069351318473_n-1536x1024.webp 1536w\" sizes=\"auto, (max-width: 2048px) 100vw, 2048px\" \/>\n\n\n\n<p class=\"gb-text-df8510b0\"><span class=\"gb-text\"><a href=\"#contacto\">M\u00e9s informaci\u00f3<\/a><\/span><span class=\"gb-shape\"><\/span><\/p>\n<\/div>\n<\/div>\n<\/div>\n<\/div>\n<\/div>\n\n<div class=\"gb-element-535a437a\">\n<div class=\"gb-element-8ef1e3fd\">\n<div class=\"gb-element-3f5ec2c2\">\n<h2 class=\"gb-text gb-text-63023fc1\">Beneficis dels tallers d&#8217;autoconeixement<\/h2>\n\n\n\n<p class=\"gb-text gb-text-6dcd97e9\">Els tallers d&#8217;autoconeixement de Gencosmic no nom\u00e9s s\u00f3n una activitat art\u00edstica, sin\u00f3 una experi\u00e8ncia de creixement personal i col\u00b7lectiva.<\/p>\n\n\n\n<p class=\"gb-text gb-text-c61af8f9\">A trav\u00e9s de l&#8217;art corporal i la reflexi\u00f3 guiada, les persones participants:<\/p>\n<\/div>\n\n\n\n<div class=\"gb-element-21951490\">\n<p class=\"gb-text-2e6a3113\"><span class=\"gb-shape\"><\/span><span class=\"gb-text\"><em><strong>Reforcen l&#8217;autoestima i l&#8217;autoacceptaci\u00f3 corporal.<\/strong><\/em><\/span><\/p>\n\n\n\n<p class=\"gb-text-5cf92307\"><span class=\"gb-shape\"><\/span><span class=\"gb-text\"><strong>Desenvolupen empatia, escolta activa i enlla\u00e7 grupal.<\/strong><\/span><\/p>\n\n\n\n<p class=\"gb-text-c4ce30e6\"><span class=\"gb-shape\"><\/span><span class=\"gb-text\"><em><strong>Desperten la creativitat i noves formes d&#8217;expressi\u00f3.<\/strong><\/em><\/span><\/p>\n\n\n\n<p class=\"gb-text-4427db77\"><span class=\"gb-shape\"><\/span><span class=\"gb-text\"><em><strong>Milloren el benestar emocional i la connexi\u00f3 amb el present.<\/strong><\/em><\/span><\/p>\n\n\n\n<p class=\"gb-text-7ea1783f\"><span class=\"gb-shape\"><\/span><span class=\"gb-text\"><em><strong>Integren una mirada m\u00e9s inclusiva i respectuosa cap a tots els cossos.<\/strong><\/em><\/span><\/p>\n<\/div>\n<\/div>\n<\/div>\n\n<div class=\"gb-element-2562526c\">\n<div class=\"gb-element-a0a038c6\">\n<div class=\"gb-element-46ed245b\"><\/div>\n\n\n\n<div class=\"gb-element-6feac52a\">\n<h2 class=\"gb-text gb-text-2d25ea0b\">L&#8217;art corporal com a eina de transformaci\u00f3<\/h2>\n\n\n\n<p class=\"gb-text gb-text-81e80eba\">Als tallers de Gencosmic, l&#8217;art corporal \u00e9s el mitj\u00e0 per explorar la identitat, les emocions i la percepci\u00f3 del propi cos.<\/p>\n\n\n\n<p class=\"gb-text gb-text-c659ea59\">A trav\u00e9s del contacte amb els materials, l&#8217;emmotllament conscient i l&#8217;observaci\u00f3, les persones participants descobreixen noves maneres de veure&#8217;s, sentir-se i comprendre&#8217;s.<\/p>\n\n\n\n<p class=\"gb-text gb-text-1969f32f\">M\u00e9s enll\u00e0 del resultat final, all\u00f2 important \u00e9s l&#8217;experi\u00e8ncia viscuda: la trobada amb una mateixa, amb el grup i amb el cos habitat des de la pres\u00e8ncia, la llibertat i el respecte.<\/p>\n\n\n\n<a class=\"gb-text gb-text-86f11ace\" href=\"#contacto\">M\u00e9s informaci\u00f3<\/a>\n<\/div>\n<\/div>\n<\/div>\n\n<div class=\"gb-element-de876bc9\">\n<div class=\"gb-element-a790b867\">\n<h2 class=\"gb-text gb-text-7941fb8b\">Llocs de pres\u00e8ncia<\/h2>\n\n\n\n<div class=\"gb-element-defaa27c\">\n<div class=\"gb-element-e21e1b6e\">\n<a href=\"https:\/\/www.instagram.com\/vaginas.libres\/?hl=fr\" target=\"_blank\" rel=\"noopener\"><img loading=\"lazy\" decoding=\"async\" width=\"2560\" height=\"1799\" class=\"gb-media-24fd43f4\" alt=\"\" src=\"https:\/\/gencosmic.com\/wp-content\/uploads\/2026\/03\/logo-vaginasLibres-scaled.webp\" title=\"ONA\" srcset=\"https:\/\/gencosmic.com\/wp-content\/uploads\/2026\/03\/logo-vaginasLibres-scaled.webp 2560w, https:\/\/gencosmic.com\/wp-content\/uploads\/2026\/03\/logo-vaginasLibres-300x211.webp 300w, https:\/\/gencosmic.com\/wp-content\/uploads\/2026\/03\/logo-vaginasLibres-1024x720.webp 1024w, https:\/\/gencosmic.com\/wp-content\/uploads\/2026\/03\/logo-vaginasLibres-768x540.webp 768w, https:\/\/gencosmic.com\/wp-content\/uploads\/2026\/03\/logo-vaginasLibres-1536x1079.webp 1536w, https:\/\/gencosmic.com\/wp-content\/uploads\/2026\/03\/logo-vaginasLibres-2048x1439.webp 2048w\" sizes=\"auto, (max-width: 2560px) 100vw, 2560px\" \/><\/a>\n\n\n\n<p class=\"gb-text gb-text-51144cec\"><strong>Vaginas Libres<\/strong><\/p>\n\n\n\n<p class=\"gb-text gb-text-9a1c765a\">Tallers en col\u00b7laboraci\u00f3:<\/p>\n\n\n\n<p>ENTRE VULVES<\/p>\n<\/div>\n\n\n\n<div class=\"gb-element-984394da\">\n<a href=\"https:\/\/www.instagram.com\/liberandoutopias.psicologia\/\" target=\"_blank\" rel=\"noopener\"><img loading=\"lazy\" decoding=\"async\" width=\"740\" height=\"521\" class=\"gb-media-78882360\" alt=\"\" src=\"https:\/\/gencosmic.com\/wp-content\/uploads\/2026\/03\/740.webp\" title=\"740\" srcset=\"https:\/\/gencosmic.com\/wp-content\/uploads\/2026\/03\/740.webp 740w, https:\/\/gencosmic.com\/wp-content\/uploads\/2026\/03\/740-300x211.webp 300w\" sizes=\"auto, (max-width: 740px) 100vw, 740px\" \/><\/a>\n\n\n\n<p class=\"gb-text gb-text-2c0c677b\"><strong><strong>Evelyn Cano<\/strong><\/strong><\/p>\n\n\n\n<p class=\"gb-text gb-text-bf23efc2\">Taller en col\u00b7laboraci\u00f3 amb<br>Evelyn, psic\u00f2loga especialitzada en benestar femen\u00ed.<\/p>\n<\/div>\n\n\n\n<div class=\"gb-element-77c670e3\">\n<a href=\"https:\/\/queironsana.com\/?srsltid=AfmBOopTnuJbAXw7GIFX_EvL-EigNeiivIxIbj96rba4r7huVohQJPj9\" target=\"_blank\" rel=\"noopener\"><img loading=\"lazy\" decoding=\"async\" width=\"740\" height=\"521\" class=\"gb-media-47dd58eb\" alt=\"\" src=\"https:\/\/gencosmic.com\/wp-content\/uploads\/2026\/03\/EvaMonRo-740.webp\" title=\"485526256_3930690273811364_8493970385367523076_n\" srcset=\"https:\/\/gencosmic.com\/wp-content\/uploads\/2026\/03\/EvaMonRo-740.webp 740w, https:\/\/gencosmic.com\/wp-content\/uploads\/2026\/03\/EvaMonRo-740-300x211.webp 300w\" sizes=\"auto, (max-width: 740px) 100vw, 740px\" \/><\/a>\n\n\n\n<p class=\"gb-text gb-text-1888bf3a\"><strong><strong>Envulvate<\/strong><\/strong><\/p>\n\n\n\n<p class=\"gb-text gb-text-93c403f4\">Taller en col\u00b7laboraci\u00f3 amb<br>Eva Monro i les cerim\u00f2nies de cacau.<\/p>\n<\/div>\n\n\n\n<div class=\"gb-element-2fe320df\">\n<a href=\"https:\/\/martacarus.com\/\" target=\"_blank\" rel=\"noopener\"><img loading=\"lazy\" decoding=\"async\" width=\"740\" height=\"521\" class=\"gb-media-123b2086\" alt=\"\" src=\"https:\/\/gencosmic.com\/wp-content\/uploads\/2026\/03\/quien-soy-740.webp\" title=\"485526256_3930690273811364_8493970385367523076_n\" srcset=\"https:\/\/gencosmic.com\/wp-content\/uploads\/2026\/03\/quien-soy-740.webp 740w, https:\/\/gencosmic.com\/wp-content\/uploads\/2026\/03\/quien-soy-740-300x211.webp 300w\" sizes=\"auto, (max-width: 740px) 100vw, 740px\" \/><\/a>\n\n\n\n<p class=\"gb-text gb-text-3f4be6c2\"><strong><strong><strong>Vulvette<\/strong><\/strong><\/strong><\/p>\n\n\n\n<p class=\"gb-text gb-text-10e5735d\">Taller en col\u00b7laboraci\u00f3 amb<br>Marta Car\u00fas i la revoluci\u00f3 de les cures.<\/p>\n<\/div>\n<\/div>\n\n\n\n<div class=\"gb-element-315bd6b7\">\n<div class=\"gb-element-8dc7fee3\">\n<img loading=\"lazy\" decoding=\"async\" width=\"1667\" height=\"521\" class=\"gb-media-bc14d1c3\" alt=\"\" title=\"user\" src=\"https:\/\/gencosmic.com\/wp-content\/uploads\/2026\/03\/user.png\" srcset=\"https:\/\/gencosmic.com\/wp-content\/uploads\/2026\/03\/user.png 1667w, https:\/\/gencosmic.com\/wp-content\/uploads\/2026\/03\/user-300x94.png 300w, https:\/\/gencosmic.com\/wp-content\/uploads\/2026\/03\/user-1024x320.png 1024w, https:\/\/gencosmic.com\/wp-content\/uploads\/2026\/03\/user-768x240.png 768w, https:\/\/gencosmic.com\/wp-content\/uploads\/2026\/03\/user-1536x480.png 1536w\" sizes=\"auto, (max-width: 1667px) 100vw, 1667px\" \/>\n\n\n\n<p class=\"gb-text gb-text-d7cda112\"><strong><strong><strong>Vulvarte<\/strong><\/strong><\/strong><\/p>\n\n\n\n<p class=\"gb-text gb-text-d406ad4e\">Taller en col\u00b7laboraci\u00f3 amb<br>Coral Coco, M\u00e0gia i sexualitat femenina.<\/p>\n<\/div>\n\n\n\n<div class=\"gb-element-c9147e37\">\n<a href=\"https:\/\/queironsana.com\/?srsltid=AfmBOopTnuJbAXw7GIFX_EvL-EigNeiivIxIbj96rba4r7huVohQJPj9\" target=\"_blank\" rel=\"noopener\"><img loading=\"lazy\" decoding=\"async\" width=\"740\" height=\"521\" class=\"gb-media-69d24edd\" alt=\"\" src=\"https:\/\/gencosmic.com\/wp-content\/uploads\/2026\/03\/Erasmus-740.webp\" title=\"485526256_3930690273811364_8493970385367523076_n\" srcset=\"https:\/\/gencosmic.com\/wp-content\/uploads\/2026\/03\/Erasmus-740.webp 740w, https:\/\/gencosmic.com\/wp-content\/uploads\/2026\/03\/Erasmus-740-300x211.webp 300w\" sizes=\"auto, (max-width: 740px) 100vw, 740px\" \/><\/a>\n\n\n\n<p class=\"gb-text gb-text-6270b9e9\"><strong><strong><strong>ERASMUS+<\/strong><\/strong><\/strong><\/p>\n\n\n\n<p class=\"gb-text gb-text-2a7f29d7\">Let\u2019s find our power to act, taller en col\u00b7laboraci\u00f3 amb La Rapugada.<\/p>\n<\/div>\n\n\n\n<div class=\"gb-element-66ac6cae\">\n<a href=\"https:\/\/kinkyloveibiza.com\/\" target=\"_blank\" rel=\"noopener\"><img loading=\"lazy\" decoding=\"async\" width=\"740\" height=\"521\" class=\"gb-media-3a3f1626\" alt=\"\" src=\"https:\/\/gencosmic.com\/wp-content\/uploads\/2026\/03\/cropped-logo-740.webp\" title=\"485526256_3930690273811364_8493970385367523076_n\" srcset=\"https:\/\/gencosmic.com\/wp-content\/uploads\/2026\/03\/cropped-logo-740.webp 740w, https:\/\/gencosmic.com\/wp-content\/uploads\/2026\/03\/cropped-logo-740-300x211.webp 300w\" sizes=\"auto, (max-width: 740px) 100vw, 740px\" \/><\/a>\n\n\n\n<p class=\"gb-text gb-text-56ef8c56\"><strong><strong><strong>Vulvart<\/strong><\/strong><\/strong><\/p>\n\n\n\n<p class=\"gb-text gb-text-ec7ec912\">Taller en col\u00b7laboraci\u00f3 amb<br>Kinky Love Eivissa.<\/p>\n<\/div>\n<\/div>\n<\/div>\n<\/div>\n\n<div class=\"gb-element-ff70987f\" id=\"contacto\">\n<div class=\"gb-element-5712bbe3\">\n<div class=\"gb-element-0b031772\">\n<h2 class=\"gb-text gb-text-acb63678\">Vols organitzar un taller a la teva ciutat o centre?<\/h2>\n\n\n\n<p class=\"gb-text gb-text-597764e0\">Si voleu organitzar un taller d&#8217;autoconeixement amb Gencosmic o rebre m\u00e9s informaci\u00f3, estarem encantades d&#8217;escoltar-vos.<\/p>\n\n\n\n<p class=\"gb-text gb-text-804dabcd\">Comparteix-nos que t&#8217;agradaria i t&#8217;enviarem una proposta adaptada al teu centre, col\u00b7lectiu o comunitat.<\/p>\n\n\n\n<div class=\"gb-element-404c839b\">\n<div class=\"gb-element-86de89cc\">\n\n\n\n<\/div>\n<\/div>\n<\/div>\n<\/div>\n<\/div>\n\n<div class=\"gb-element-21f44bff\">\n<div class=\"gb-element-6cf9eb96\">\n<h2 class=\"gb-text gb-text-13d2820b\">Preguntes freq\u00fcents sobre els tallers d&#8217;autoconeixement<\/h2>\n\n\n<div id=\"rank-math-faq\" class=\"rank-math-block\">\n<div class=\"rank-math-list \">\n<div id=\"faq-question-1762268324886\" class=\"rank-math-list-item\">\n<h3 class=\"rank-math-question \">Necessito tenir experi\u00e8ncia art\u00edstica pr\u00e8via?<\/h3>\n<div class=\"rank-math-answer \">\n\n<p>No. Els nostres tallers estan dissenyats per a totes les persones, sense importar-ne el nivell d&#8217;habilitat o coneixement art\u00edstic. El que \u00e9s important \u00e9s la disposici\u00f3 per participar, crear i gaudir del proc\u00e9s.  <\/p>\n\n<\/div>\n<\/div>\n<div id=\"faq-question-1762268340097\" class=\"rank-math-list-item\">\n<h3 class=\"rank-math-question \">Quins materials es fan servir durant els tallers?<\/h3>\n<div class=\"rank-math-answer \">\n\n<p>Treballem amb materials segurs i ecol\u00f2gics, biocompatibles amb la nostra pell. Tot el proc\u00e9s est\u00e0 guiat per garantir una experi\u00e8ncia c\u00f2moda, creativa i segura. <\/p>\n\n<\/div>\n<\/div>\n<div id=\"faq-question-1762268340779\" class=\"rank-math-list-item\">\n<h3 class=\"rank-math-question \">Quan dura un taller d&#8217;autoconeixement?<\/h3>\n<div class=\"rank-math-answer \">\n\n<p>La durada varia entre 3 i 4 hores, segons el grup i el format. Inclou una introducci\u00f3 te\u00f2rica, el proc\u00e9s de creaci\u00f3 i un espai final de reflexi\u00f3 compartida. <\/p>\n\n<\/div>\n<\/div>\n<div id=\"faq-question-1762268341850\" class=\"rank-math-list-item\">\n<h3 class=\"rank-math-question \">On es poden fer els tallers?<\/h3>\n<div class=\"rank-math-answer \">\n\n<p>Els tallers es poden dur a terme en centres culturals, espais privats o espais independents. Nom\u00e9s cal un lloc tranquil, amb bona ventilaci\u00f3 i acc\u00e9s a aigua corrent. <\/p>\n\n<\/div>\n<\/div>\n<div id=\"faq-question-1762268342458\" class=\"rank-math-list-item\">\n<h3 class=\"rank-math-question \">Quantes persones hi poden participar?<\/h3>\n<div class=\"rank-math-answer \">\n\n<p>Treballem amb grups redu\u00efts, normalment entre 8 i 15 persones, per oferir un acompanyament proper i personalitzat.<\/p>\n\n<\/div>\n<\/div>\n<\/div>\n<\/div><\/div>\n<\/div>\n","protected":false},"excerpt":{"rendered":"<p>Tallers d&#8217;autoconyeixement art, cos i connexi\u00f3 Descobreix el poder del proc\u00e9s creatiu per con\u00e8ixer-te a tu mateixa Tallers vivencials per reconnectar amb el cos i la creativitat Els tallers d&#8217;autoconyiment de Gencosmic s\u00f3n experi\u00e8ncies grupals vivencials creades per explorar el cos, les emocions i la identitat a trav\u00e9s de l&#8217;art corporal. Mitjan\u00e7ant exercicis creatius i &#8230; <a title=\"Tallers\" class=\"read-more\" href=\"https:\/\/gencosmic.com\/ca\/tallers\/\" aria-label=\"M\u00e9s informaci\u00f3 sobre Tallers\">Read More<\/a><\/p>\n","protected":false},"author":1,"featured_media":0,"parent":0,"menu_order":0,"comment_status":"closed","ping_status":"closed","template":"","meta":{"footnotes":""},"class_list":["post-9213","page","type-page","status-publish"],"_links":{"self":[{"href":"https:\/\/gencosmic.com\/ca\/wp-json\/wp\/v2\/pages\/9213","targetHints":{"allow":["GET"]}}],"collection":[{"href":"https:\/\/gencosmic.com\/ca\/wp-json\/wp\/v2\/pages"}],"about":[{"href":"https:\/\/gencosmic.com\/ca\/wp-json\/wp\/v2\/types\/page"}],"author":[{"embeddable":true,"href":"https:\/\/gencosmic.com\/ca\/wp-json\/wp\/v2\/users\/1"}],"replies":[{"embeddable":true,"href":"https:\/\/gencosmic.com\/ca\/wp-json\/wp\/v2\/comments?post=9213"}],"version-history":[{"count":2,"href":"https:\/\/gencosmic.com\/ca\/wp-json\/wp\/v2\/pages\/9213\/revisions"}],"predecessor-version":[{"id":9218,"href":"https:\/\/gencosmic.com\/ca\/wp-json\/wp\/v2\/pages\/9213\/revisions\/9218"}],"wp:attachment":[{"href":"https:\/\/gencosmic.com\/ca\/wp-json\/wp\/v2\/media?parent=9213"}],"curies":[{"name":"wp","href":"https:\/\/api.w.org\/{rel}","templated":true}]}}